{"id":747,"date":"2023-08-25T16:24:05","date_gmt":"2023-08-25T14:24:05","guid":{"rendered":"http:\/\/emiliedurand.fr\/?page_id=747"},"modified":"2023-09-17T10:52:52","modified_gmt":"2023-09-17T08:52:52","slug":"a-telecharger","status":"publish","type":"page","link":"https:\/\/emiliedurand.fr\/index.php\/a-telecharger\/","title":{"rendered":"\u00c0 t\u00e9l\u00e9charger"},"content":{"rendered":"\n<hr class=\"wp-block-separator has-text-color has-alpha-channel-opacity has-background is-style-wide\" style=\"background-color:#e7b10a;color:#e7b10a\"\/>\n\n\n<p>Je met ici \u00e0 disposition <strong>gratuitement<\/strong> les supports que j&rsquo;ai cr\u00e9e \u00e0 destination des r\u00e9seaux sociaux ou pour certaines de mes interventions.<\/p>\n<p>Ils sont le reflet de nombreuses heures de travail, recherches, lectures, mise en page etc&#8230;<\/p>\n<p>Les documents t\u00e9l\u00e9chargeables sont sous Creatives Commons &#8211; Attribution &#8211; Pas de modification 4.0.<\/p>\n<p>Pour en savoir plus sur vos droits &amp; obligations en lien avec l&rsquo;utilisation de ces documents consultez cette page :<br \/><a href=\"https:\/\/creativecommons.org\/licenses\/by-nd\/4.0\/deed.fr\">https:\/\/creativecommons.org\/licenses\/by-nd\/4.0\/deed.fr<\/a><\/p>\n<p>Que vous soyez un particulier, un professionnel du monde canin ou de la m\u00e9diation par l&rsquo;animal vous pouvez diffuser ces documents et vous en servir dans le cadre de votre pratique professionnelle ou dans le cadre de votre vie priv\u00e9e.<br \/>Cependant, merci de ne pas modifier\/ rogner les documents sans mon accord.<\/p>\n\n\n<p><\/p>\n\n\n\n<div class=\"wp-block-group is-content-justification-center is-nowrap is-layout-flex wp-container-core-group-is-layout-94bc23d7 wp-block-group-is-layout-flex\">\n<figure class=\"wp-block-image size-large is-resized\"><a href=\"https:\/\/emiliedurand.fr\/wp-content\/uploads\/2023\/09\/Consentement-carr-part-1.zip\" target=\"_blank\" rel=\"noreferrer noopener\"><img loading=\"lazy\" decoding=\"async\" src=\"https:\/\/emiliedurand.fr\/wp-content\/uploads\/2023\/09\/CC-image-1-1024x1024.png\" alt=\"\" class=\"wp-image-923\" style=\"width:195px;height:195px\" width=\"195\" height=\"195\" srcset=\"https:\/\/emiliedurand.fr\/wp-content\/uploads\/2023\/09\/CC-image-1-1024x1024.png 1024w, https:\/\/emiliedurand.fr\/wp-content\/uploads\/2023\/09\/CC-image-1-300x300.png 300w, https:\/\/emiliedurand.fr\/wp-content\/uploads\/2023\/09\/CC-image-1-150x150.png 150w, https:\/\/emiliedurand.fr\/wp-content\/uploads\/2023\/09\/CC-image-1-768x768.png 768w, https:\/\/emiliedurand.fr\/wp-content\/uploads\/2023\/09\/CC-image-1-75x75.png 75w, https:\/\/emiliedurand.fr\/wp-content\/uploads\/2023\/09\/CC-image-1.png 1080w\" sizes=\"auto, (max-width: 195px) 100vw, 195px\" \/><\/a><\/figure>\n\n\n\n<figure class=\"wp-block-image size-large is-resized\"><a href=\"https:\/\/emiliedurand.fr\/wp-content\/uploads\/2023\/09\/Consentemment-carr-part-2.zip\" target=\"_blank\" rel=\"noreferrer noopener\"><img loading=\"lazy\" decoding=\"async\" src=\"https:\/\/emiliedurand.fr\/wp-content\/uploads\/2023\/09\/CC-image-2-1024x1024.png\" alt=\"\" class=\"wp-image-935\" style=\"width:192px;height:192px\" width=\"192\" height=\"192\" srcset=\"https:\/\/emiliedurand.fr\/wp-content\/uploads\/2023\/09\/CC-image-2-1024x1024.png 1024w, https:\/\/emiliedurand.fr\/wp-content\/uploads\/2023\/09\/CC-image-2-300x300.png 300w, https:\/\/emiliedurand.fr\/wp-content\/uploads\/2023\/09\/CC-image-2-150x150.png 150w, https:\/\/emiliedurand.fr\/wp-content\/uploads\/2023\/09\/CC-image-2-768x768.png 768w, https:\/\/emiliedurand.fr\/wp-content\/uploads\/2023\/09\/CC-image-2-75x75.png 75w, https:\/\/emiliedurand.fr\/wp-content\/uploads\/2023\/09\/CC-image-2.png 1080w\" sizes=\"auto, (max-width: 192px) 100vw, 192px\" \/><\/a><\/figure>\n<\/div>\n\n\n\n<div style=\"height:69px\" aria-hidden=\"true\" class=\"wp-block-spacer\"><\/div>\n\n\n\n<hr class=\"wp-block-separator has-text-color has-alpha-channel-opacity has-background is-style-default\" style=\"background-color:#e7b10a;color:#e7b10a\"\/>\n\n\n\n<div style=\"height:69px\" aria-hidden=\"true\" class=\"wp-block-spacer\"><\/div>\n\n\n<div class=\"wp-block-image\">\n<figure class=\"aligncenter size-large is-resized\"><a href=\"https:\/\/emiliedurand.fr\/wp-content\/uploads\/2023\/09\/chien-age1.zip\"><img loading=\"lazy\" decoding=\"async\" src=\"https:\/\/emiliedurand.fr\/wp-content\/uploads\/2023\/09\/1-1024x1024.png\" alt=\"\" class=\"wp-image-993\" style=\"width:220px;height:220px\" width=\"220\" height=\"220\" srcset=\"https:\/\/emiliedurand.fr\/wp-content\/uploads\/2023\/09\/1-1024x1024.png 1024w, https:\/\/emiliedurand.fr\/wp-content\/uploads\/2023\/09\/1-300x300.png 300w, https:\/\/emiliedurand.fr\/wp-content\/uploads\/2023\/09\/1-150x150.png 150w, https:\/\/emiliedurand.fr\/wp-content\/uploads\/2023\/09\/1-768x768.png 768w, https:\/\/emiliedurand.fr\/wp-content\/uploads\/2023\/09\/1-75x75.png 75w, https:\/\/emiliedurand.fr\/wp-content\/uploads\/2023\/09\/1.png 1080w\" sizes=\"auto, (max-width: 220px) 100vw, 220px\" \/><\/a><\/figure><\/div>\n\n<blockquote>\n<p style=\"text-align: center;\">Et si tu souhaites en savoir plus sur mon exp\u00e9rience personnelle en lien avec ce sujet je t&rsquo;invite \u00e0 te rendre <a href=\"https:\/\/emiliedurand.fr\/index.php\/2023\/09\/17\/la-vieillesse-dun-chien-et-le-long-chemin-de-lacceptation-pour-lhumain\/\" target=\"_blank\" rel=\"noopener\">ICI<\/a>.<\/p>\n<\/blockquote>","protected":false},"excerpt":{"rendered":"<p>Je met ici \u00e0 disposition gratuitement les supports que j&rsquo;ai cr\u00e9e \u00e0 destination des r\u00e9seaux sociaux ou pour certaines de mes interventions. Ils sont le reflet de nombreuses heures de travail, recherches, lectures, mise en page etc&#8230; Les documents t\u00e9l\u00e9chargeables sont sous Creatives Commons &#8211; Attribution &#8211; Pas de modification 4.0. Pour en savoir plus sur vos droits &amp; obligations en lien avec l&rsquo;utilisation de ces documents consultez cette page :https:\/\/creativecommons.org\/licenses\/by-nd\/4.0\/deed.fr Que vous soyez un particulier, un professionnel du monde canin ou de la m\u00e9diation par l&rsquo;animal vous pouvez diffuser ces documents et vous en servir dans le cadre de votre pratique professionnelle ou dans le cadre de votre vie priv\u00e9e.Cependant, merci de ne pas modifier\/ rogner les documents sans mon accord. Et si tu souhaites en savoir plus sur mon exp\u00e9rience personnelle en lien avec ce sujet je t&rsquo;invite \u00e0 te rendre ICI.<\/p>\n","protected":false},"author":1,"featured_media":0,"parent":0,"menu_order":0,"comment_status":"closed","ping_status":"closed","template":"","meta":{"footnotes":""},"class_list":["post-747","page","type-page","status-publish","hentry"],"yoast_head":"<!-- This site is optimized with the Yoast SEO plugin v26.2 - https:\/\/yoast.com\/wordpress\/plugins\/seo\/ -->\n<title>\u00c0 t\u00e9l\u00e9charger - \u00c9milie Durand - \u00c9ducation &amp; comportement canin<\/title>\n<meta name=\"robots\" content=\"index, follow, max-snippet:-1, max-image-preview:large, max-video-preview:-1\" \/>\n<link rel=\"canonical\" href=\"https:\/\/emiliedurand.fr\/index.php\/a-telecharger\/\" \/>\n<meta property=\"og:locale\" content=\"fr_FR\" \/>\n<meta property=\"og:type\" content=\"article\" \/>\n<meta property=\"og:title\" content=\"\u00c0 t\u00e9l\u00e9charger - \u00c9milie Durand - \u00c9ducation &amp; comportement canin\" \/>\n<meta property=\"og:description\" content=\"Je met ici \u00e0 disposition gratuitement les supports que j&rsquo;ai cr\u00e9e \u00e0 destination des r\u00e9seaux sociaux ou pour certaines de mes interventions. Ils sont le reflet de nombreuses heures de travail, recherches, lectures, mise en page etc&#8230; Les documents t\u00e9l\u00e9chargeables sont sous Creatives Commons &#8211; Attribution &#8211; Pas de modification 4.0. Pour en savoir plus sur vos droits &amp; obligations en lien avec l&rsquo;utilisation de ces documents consultez cette page :https:\/\/creativecommons.org\/licenses\/by-nd\/4.0\/deed.fr Que vous soyez un particulier, un professionnel du monde canin ou de la m\u00e9diation par l&rsquo;animal vous pouvez diffuser ces documents et vous en servir dans le cadre de votre pratique professionnelle ou dans le cadre de votre vie priv\u00e9e.Cependant, merci de ne pas modifier\/ rogner les documents sans mon accord. Et si tu souhaites en savoir plus sur mon exp\u00e9rience personnelle en lien avec ce sujet je t&rsquo;invite \u00e0 te rendre ICI.\" \/>\n<meta property=\"og:url\" content=\"https:\/\/emiliedurand.fr\/index.php\/a-telecharger\/\" \/>\n<meta property=\"og:site_name\" content=\"\u00c9milie Durand - \u00c9ducation &amp; comportement canin\" \/>\n<meta property=\"article:publisher\" content=\"https:\/\/www.facebook.com\/people\/milie-Durand-ducation-comportement-canin\/100095410578884\/\" \/>\n<meta property=\"article:modified_time\" content=\"2023-09-17T08:52:52+00:00\" \/>\n<meta property=\"og:image\" content=\"http:\/\/emiliedurand.fr\/wp-content\/uploads\/2023\/09\/CC-image-1-1024x1024.png\" \/>\n<meta name=\"twitter:card\" content=\"summary_large_image\" \/>\n<meta name=\"twitter:label1\" content=\"Dur\u00e9e de lecture estim\u00e9e\" \/>\n\t<meta name=\"twitter:data1\" content=\"1 minute\" \/>\n<script type=\"application\/ld+json\" class=\"yoast-schema-graph\">{\"@context\":\"https:\/\/schema.org\",\"@graph\":[{\"@type\":\"WebPage\",\"@id\":\"https:\/\/emiliedurand.fr\/index.php\/a-telecharger\/\",\"url\":\"https:\/\/emiliedurand.fr\/index.php\/a-telecharger\/\",\"name\":\"\u00c0 t\u00e9l\u00e9charger - \u00c9milie Durand - \u00c9ducation &amp; comportement canin\",\"isPartOf\":{\"@id\":\"https:\/\/emiliedurand.fr\/#website\"},\"primaryImageOfPage\":{\"@id\":\"https:\/\/emiliedurand.fr\/index.php\/a-telecharger\/#primaryimage\"},\"image\":{\"@id\":\"https:\/\/emiliedurand.fr\/index.php\/a-telecharger\/#primaryimage\"},\"thumbnailUrl\":\"http:\/\/emiliedurand.fr\/wp-content\/uploads\/2023\/09\/CC-image-1-1024x1024.png\",\"datePublished\":\"2023-08-25T14:24:05+00:00\",\"dateModified\":\"2023-09-17T08:52:52+00:00\",\"breadcrumb\":{\"@id\":\"https:\/\/emiliedurand.fr\/index.php\/a-telecharger\/#breadcrumb\"},\"inLanguage\":\"fr-FR\",\"potentialAction\":[{\"@type\":\"ReadAction\",\"target\":[\"https:\/\/emiliedurand.fr\/index.php\/a-telecharger\/\"]}]},{\"@type\":\"ImageObject\",\"inLanguage\":\"fr-FR\",\"@id\":\"https:\/\/emiliedurand.fr\/index.php\/a-telecharger\/#primaryimage\",\"url\":\"https:\/\/emiliedurand.fr\/wp-content\/uploads\/2023\/09\/CC-image-1.png\",\"contentUrl\":\"https:\/\/emiliedurand.fr\/wp-content\/uploads\/2023\/09\/CC-image-1.png\",\"width\":1080,\"height\":1080},{\"@type\":\"BreadcrumbList\",\"@id\":\"https:\/\/emiliedurand.fr\/index.php\/a-telecharger\/#breadcrumb\",\"itemListElement\":[{\"@type\":\"ListItem\",\"position\":1,\"name\":\"Accueil\",\"item\":\"https:\/\/emiliedurand.fr\/\"},{\"@type\":\"ListItem\",\"position\":2,\"name\":\"\u00c0 t\u00e9l\u00e9charger\"}]},{\"@type\":\"WebSite\",\"@id\":\"https:\/\/emiliedurand.fr\/#website\",\"url\":\"https:\/\/emiliedurand.fr\/\",\"name\":\"\u00c9milie Durand - \u00c9ducation & comportement canin\",\"description\":\"Un accompagnement bienveillant pour l&#039;humain &amp; le chien\",\"publisher\":{\"@id\":\"https:\/\/emiliedurand.fr\/#organization\"},\"potentialAction\":[{\"@type\":\"SearchAction\",\"target\":{\"@type\":\"EntryPoint\",\"urlTemplate\":\"https:\/\/emiliedurand.fr\/?s={search_term_string}\"},\"query-input\":{\"@type\":\"PropertyValueSpecification\",\"valueRequired\":true,\"valueName\":\"search_term_string\"}}],\"inLanguage\":\"fr-FR\"},{\"@type\":\"Organization\",\"@id\":\"https:\/\/emiliedurand.fr\/#organization\",\"name\":\"\u00c9milie Durand - \u00c9ducation & comportement canin\",\"url\":\"https:\/\/emiliedurand.fr\/\",\"logo\":{\"@type\":\"ImageObject\",\"inLanguage\":\"fr-FR\",\"@id\":\"https:\/\/emiliedurand.fr\/#\/schema\/logo\/image\/\",\"url\":\"https:\/\/emiliedurand.fr\/wp-content\/uploads\/2023\/08\/cropped-facebook_OP_logo_ED_1-6.png\",\"contentUrl\":\"https:\/\/emiliedurand.fr\/wp-content\/uploads\/2023\/08\/cropped-facebook_OP_logo_ED_1-6.png\",\"width\":1146,\"height\":964,\"caption\":\"\u00c9milie Durand - \u00c9ducation & comportement canin\"},\"image\":{\"@id\":\"https:\/\/emiliedurand.fr\/#\/schema\/logo\/image\/\"},\"sameAs\":[\"https:\/\/www.facebook.com\/people\/milie-Durand-ducation-comportement-canin\/100095410578884\/\",\"https:\/\/www.instagram.com\/emilie_durnd\/\"]}]}<\/script>\n<!-- \/ Yoast SEO plugin. -->","yoast_head_json":{"title":"\u00c0 t\u00e9l\u00e9charger - \u00c9milie Durand - \u00c9ducation &amp; comportement canin","robots":{"index":"index","follow":"follow","max-snippet":"max-snippet:-1","max-image-preview":"max-image-preview:large","max-video-preview":"max-video-preview:-1"},"canonical":"https:\/\/emiliedurand.fr\/index.php\/a-telecharger\/","og_locale":"fr_FR","og_type":"article","og_title":"\u00c0 t\u00e9l\u00e9charger - \u00c9milie Durand - \u00c9ducation &amp; comportement canin","og_description":"Je met ici \u00e0 disposition gratuitement les supports que j&rsquo;ai cr\u00e9e \u00e0 destination des r\u00e9seaux sociaux ou pour certaines de mes interventions. Ils sont le reflet de nombreuses heures de travail, recherches, lectures, mise en page etc&#8230; Les documents t\u00e9l\u00e9chargeables sont sous Creatives Commons &#8211; Attribution &#8211; Pas de modification 4.0. Pour en savoir plus sur vos droits &amp; obligations en lien avec l&rsquo;utilisation de ces documents consultez cette page :https:\/\/creativecommons.org\/licenses\/by-nd\/4.0\/deed.fr Que vous soyez un particulier, un professionnel du monde canin ou de la m\u00e9diation par l&rsquo;animal vous pouvez diffuser ces documents et vous en servir dans le cadre de votre pratique professionnelle ou dans le cadre de votre vie priv\u00e9e.Cependant, merci de ne pas modifier\/ rogner les documents sans mon accord. Et si tu souhaites en savoir plus sur mon exp\u00e9rience personnelle en lien avec ce sujet je t&rsquo;invite \u00e0 te rendre ICI.","og_url":"https:\/\/emiliedurand.fr\/index.php\/a-telecharger\/","og_site_name":"\u00c9milie Durand - \u00c9ducation &amp; comportement canin","article_publisher":"https:\/\/www.facebook.com\/people\/milie-Durand-ducation-comportement-canin\/100095410578884\/","article_modified_time":"2023-09-17T08:52:52+00:00","og_image":[{"url":"http:\/\/emiliedurand.fr\/wp-content\/uploads\/2023\/09\/CC-image-1-1024x1024.png","type":"","width":"","height":""}],"twitter_card":"summary_large_image","twitter_misc":{"Dur\u00e9e de lecture estim\u00e9e":"1 minute"},"schema":{"@context":"https:\/\/schema.org","@graph":[{"@type":"WebPage","@id":"https:\/\/emiliedurand.fr\/index.php\/a-telecharger\/","url":"https:\/\/emiliedurand.fr\/index.php\/a-telecharger\/","name":"\u00c0 t\u00e9l\u00e9charger - \u00c9milie Durand - \u00c9ducation &amp; comportement canin","isPartOf":{"@id":"https:\/\/emiliedurand.fr\/#website"},"primaryImageOfPage":{"@id":"https:\/\/emiliedurand.fr\/index.php\/a-telecharger\/#primaryimage"},"image":{"@id":"https:\/\/emiliedurand.fr\/index.php\/a-telecharger\/#primaryimage"},"thumbnailUrl":"http:\/\/emiliedurand.fr\/wp-content\/uploads\/2023\/09\/CC-image-1-1024x1024.png","datePublished":"2023-08-25T14:24:05+00:00","dateModified":"2023-09-17T08:52:52+00:00","breadcrumb":{"@id":"https:\/\/emiliedurand.fr\/index.php\/a-telecharger\/#breadcrumb"},"inLanguage":"fr-FR","potentialAction":[{"@type":"ReadAction","target":["https:\/\/emiliedurand.fr\/index.php\/a-telecharger\/"]}]},{"@type":"ImageObject","inLanguage":"fr-FR","@id":"https:\/\/emiliedurand.fr\/index.php\/a-telecharger\/#primaryimage","url":"https:\/\/emiliedurand.fr\/wp-content\/uploads\/2023\/09\/CC-image-1.png","contentUrl":"https:\/\/emiliedurand.fr\/wp-content\/uploads\/2023\/09\/CC-image-1.png","width":1080,"height":1080},{"@type":"BreadcrumbList","@id":"https:\/\/emiliedurand.fr\/index.php\/a-telecharger\/#breadcrumb","itemListElement":[{"@type":"ListItem","position":1,"name":"Accueil","item":"https:\/\/emiliedurand.fr\/"},{"@type":"ListItem","position":2,"name":"\u00c0 t\u00e9l\u00e9charger"}]},{"@type":"WebSite","@id":"https:\/\/emiliedurand.fr\/#website","url":"https:\/\/emiliedurand.fr\/","name":"\u00c9milie Durand - \u00c9ducation & comportement canin","description":"Un accompagnement bienveillant pour l&#039;humain &amp; le chien","publisher":{"@id":"https:\/\/emiliedurand.fr\/#organization"},"potentialAction":[{"@type":"SearchAction","target":{"@type":"EntryPoint","urlTemplate":"https:\/\/emiliedurand.fr\/?s={search_term_string}"},"query-input":{"@type":"PropertyValueSpecification","valueRequired":true,"valueName":"search_term_string"}}],"inLanguage":"fr-FR"},{"@type":"Organization","@id":"https:\/\/emiliedurand.fr\/#organization","name":"\u00c9milie Durand - \u00c9ducation & comportement canin","url":"https:\/\/emiliedurand.fr\/","logo":{"@type":"ImageObject","inLanguage":"fr-FR","@id":"https:\/\/emiliedurand.fr\/#\/schema\/logo\/image\/","url":"https:\/\/emiliedurand.fr\/wp-content\/uploads\/2023\/08\/cropped-facebook_OP_logo_ED_1-6.png","contentUrl":"https:\/\/emiliedurand.fr\/wp-content\/uploads\/2023\/08\/cropped-facebook_OP_logo_ED_1-6.png","width":1146,"height":964,"caption":"\u00c9milie Durand - \u00c9ducation & comportement canin"},"image":{"@id":"https:\/\/emiliedurand.fr\/#\/schema\/logo\/image\/"},"sameAs":["https:\/\/www.facebook.com\/people\/milie-Durand-ducation-comportement-canin\/100095410578884\/","https:\/\/www.instagram.com\/emilie_durnd\/"]}]}},"_links":{"self":[{"href":"https:\/\/emiliedurand.fr\/index.php\/wp-json\/wp\/v2\/pages\/747","targetHints":{"allow":["GET"]}}],"collection":[{"href":"https:\/\/emiliedurand.fr\/index.php\/wp-json\/wp\/v2\/pages"}],"about":[{"href":"https:\/\/emiliedurand.fr\/index.php\/wp-json\/wp\/v2\/types\/page"}],"author":[{"embeddable":true,"href":"https:\/\/emiliedurand.fr\/index.php\/wp-json\/wp\/v2\/users\/1"}],"replies":[{"embeddable":true,"href":"https:\/\/emiliedurand.fr\/index.php\/wp-json\/wp\/v2\/comments?post=747"}],"version-history":[{"count":26,"href":"https:\/\/emiliedurand.fr\/index.php\/wp-json\/wp\/v2\/pages\/747\/revisions"}],"predecessor-version":[{"id":1016,"href":"https:\/\/emiliedurand.fr\/index.php\/wp-json\/wp\/v2\/pages\/747\/revisions\/1016"}],"wp:attachment":[{"href":"https:\/\/emiliedurand.fr\/index.php\/wp-json\/wp\/v2\/media?parent=747"}],"curies":[{"name":"wp","href":"https:\/\/api.w.org\/{rel}","templated":true}]}}